{"id":751,"date":"2026-04-25T01:27:58","date_gmt":"2026-04-25T01:27:58","guid":{"rendered":"https:\/\/www.celsyus.effiscience.paris\/?page_id=751"},"modified":"2026-04-25T02:31:50","modified_gmt":"2026-04-25T02:31:50","slug":"soin-visage-a-paris-vos-questions","status":"publish","type":"page","link":"http:\/\/www.celsyus.effiscience.paris\/index.php\/soin-visage-a-paris-vos-questions\/","title":{"rendered":"Soin visage \u00e0 Paris &#8211; Vos Questions"},"content":{"rendered":"\n<div class=\"wp-block-cover alignwide\" style=\"min-height:100vh;aspect-ratio:unset;\"><img loading=\"lazy\" decoding=\"async\" width=\"1604\" height=\"920\" class=\"wp-block-cover__image-background wp-image-227 size-full\" alt=\"Soin visage \u00e0 Paris Kobido hydrafacial LuminFusion RadioFr\u00e9quence haut de gamme\" src=\"http:\/\/www.celsyus.effiscience.paris\/wp-content\/uploads\/2025\/12\/Kobido1-1.png\" data-object-fit=\"cover\" srcset=\"http:\/\/www.celsyus.effiscience.paris\/wp-content\/uploads\/2025\/12\/Kobido1-1.png 1604w, http:\/\/www.celsyus.effiscience.paris\/wp-content\/uploads\/2025\/12\/Kobido1-1-300x172.png 300w, http:\/\/www.celsyus.effiscience.paris\/wp-content\/uploads\/2025\/12\/Kobido1-1-1024x587.png 1024w, http:\/\/www.celsyus.effiscience.paris\/wp-content\/uploads\/2025\/12\/Kobido1-1-768x440.png 768w, http:\/\/www.celsyus.effiscience.paris\/wp-content\/uploads\/2025\/12\/Kobido1-1-1536x881.png 1536w\" sizes=\"auto, (max-width: 1604px) 100vw, 1604px\" \/><span aria-hidden=\"true\" class=\"wp-block-cover__background has-background-dim\" style=\"background-color:#602f14\"><\/span><div class=\"wp-block-cover__inner-container is-layout-constrained wp-block-cover-is-layout-constrained\">\n<h4 class=\"wp-block-heading has-text-align-center\" id=\"h-skin-care-a-paris-vos-questions\">Skin care \u00e0 Paris &#8211; vos questions<\/h4>\n\n\n\n<div style=\"height:100px\" aria-hidden=\"true\" class=\"wp-block-spacer\"><\/div>\n\n\n\n<h6 class=\"wp-block-heading has-text-align-center\" id=\"h-restore-and-sculpt\">RESTORE AND SCULPT<\/h6>\n\n\n\n<h5 class=\"wp-block-heading has-text-align-center\" id=\"h-reveal-your-glow\"><strong>REVEAL YOUR GLOW<\/strong><\/h5>\n\n\n\n<div style=\"height:100px\" aria-hidden=\"true\" class=\"wp-block-spacer\"><\/div>\n\n\n\n<p>\u00c0 la recherche d\u2019un&nbsp;<strong>soin visage \u00e0 Paris<\/strong>&nbsp;alliant expertise esth\u00e9tique, technologies de pointe et approche sur mesure ? Chez&nbsp;EffiScience Paris, nous proposons des soins personnalis\u00e9s pour hydrater, purifier, raffermir et r\u00e9v\u00e9ler l\u2019\u00e9clat naturel de votre peau. Situ\u00e9 \u00e0 Paris, notre centre vous accueille dans un cadre \u00e9l\u00e9gant d\u00e9di\u00e9 \u00e0 la beaut\u00e9 et au bien-\u00eatre.<\/p>\n\n\n\n<div class=\"wp-block-buttons is-content-justification-center is-layout-flex wp-container-core-buttons-is-layout-a89b3969 wp-block-buttons-is-layout-flex\">\n<div class=\"wp-block-button\"><a class=\"wp-block-button__link wp-element-button\" href=\"https:\/\/www.planity.com\/effiscience-paris-75006\">Tout savoir sur nos soins<\/a><\/div>\n\n\n\n<div class=\"wp-block-button\"><a class=\"wp-block-button__link wp-element-button\" href=\"https:\/\/www.planity.com\/effiscience-paris-75006\">Prendre rendez-vous<\/a><\/div>\n<\/div>\n<\/div><\/div>\n\n\n\n<div data-wp-context=\"{ &quot;autoclose&quot;: false, &quot;accordionItems&quot;: [] }\" data-wp-interactive=\"core\/accordion\" role=\"group\" class=\"wp-block-accordion is-layout-flow wp-block-accordion-is-layout-flow\">\n<div data-wp-class--is-open=\"state.isOpen\" data-wp-context=\"{ &quot;id&quot;: &quot;accordion-item-6&quot;, &quot;openByDefault&quot;: false }\" data-wp-init=\"callbacks.initAccordionItems\" data-wp-on-window--hashchange=\"callbacks.hashChange\" class=\"wp-block-accordion-item is-layout-flow wp-block-accordion-item-is-layout-flow\">\n<h3 class=\"wp-block-accordion-heading\"><button aria-expanded=\"false\" aria-controls=\"accordion-item-6-panel\" data-wp-bind--aria-expanded=\"state.isOpen\" data-wp-on--click=\"actions.toggle\" data-wp-on--keydown=\"actions.handleKeyDown\" id=\"accordion-item-6\" type=\"button\" class=\"wp-block-accordion-heading__toggle\"><span class=\"wp-block-accordion-heading__toggle-title\">Nos soins<\/span><span class=\"wp-block-accordion-heading__toggle-icon\" aria-hidden=\"true\">+<\/span><\/button><\/h3>\n\n\n\n<div inert aria-labelledby=\"accordion-item-6\" data-wp-bind--inert=\"!state.isOpen\" id=\"accordion-item-6-panel\" role=\"region\" class=\"wp-block-accordion-panel is-layout-flow wp-block-accordion-panel-is-layout-flow\">\n<div data-wp-context=\"{ &quot;autoclose&quot;: false, &quot;accordionItems&quot;: [] }\" data-wp-interactive=\"core\/accordion\" role=\"group\" class=\"wp-block-accordion is-layout-flow wp-block-accordion-is-layout-flow\">\n<div data-wp-class--is-open=\"state.isOpen\" data-wp-context=\"{ &quot;id&quot;: &quot;accordion-item-1&quot;, &quot;openByDefault&quot;: false }\" data-wp-init=\"callbacks.initAccordionItems\" data-wp-on-window--hashchange=\"callbacks.hashChange\" class=\"wp-block-accordion-item is-layout-flow wp-block-accordion-item-is-layout-flow\">\n<h3 class=\"wp-block-accordion-heading\"><button aria-expanded=\"false\" aria-controls=\"accordion-item-1-panel\" data-wp-bind--aria-expanded=\"state.isOpen\" data-wp-on--click=\"actions.toggle\" data-wp-on--keydown=\"actions.handleKeyDown\" id=\"accordion-item-1\" type=\"button\" class=\"wp-block-accordion-heading__toggle\"><span class=\"wp-block-accordion-heading__toggle-title\">Quels soins visage propose EffiScience Paris?<\/span><span class=\"wp-block-accordion-heading__toggle-icon\" aria-hidden=\"true\">+<\/span><\/button><\/h3>\n\n\n\n<div inert aria-labelledby=\"accordion-item-1\" data-wp-bind--inert=\"!state.isOpen\" id=\"accordion-item-1-panel\" role=\"region\" class=\"wp-block-accordion-panel is-layout-flow wp-block-accordion-panel-is-layout-flow\">\n<p>EffiScience Paris propose une s\u00e9lection de&nbsp;<strong>soins visage haut de gamme \u00e0 Paris<\/strong>, incluant l\u2019Hydrafacial, le Kobido, le soin Dermalogica LuminFusion et la radiofr\u00e9quence visage.<br>Pour d\u00e9terminer le soin le plus adapt\u00e9 \u00e0 vos besoins, r\u00e9servez simplement un&nbsp;<strong>diagnostic peau personnalis\u00e9<\/strong>&nbsp;sur notre<a href=\"https:\/\/www.planity.com\/effiscience-paris-75006\">&nbsp;page Planity.<\/a><\/p>\n<\/div>\n<\/div>\n\n\n\n<div data-wp-class--is-open=\"state.isOpen\" data-wp-context=\"{ &quot;id&quot;: &quot;accordion-item-2&quot;, &quot;openByDefault&quot;: false }\" data-wp-init=\"callbacks.initAccordionItems\" data-wp-on-window--hashchange=\"callbacks.hashChange\" class=\"wp-block-accordion-item is-layout-flow wp-block-accordion-item-is-layout-flow\">\n<h3 class=\"wp-block-accordion-heading\"><button aria-expanded=\"false\" aria-controls=\"accordion-item-2-panel\" data-wp-bind--aria-expanded=\"state.isOpen\" data-wp-on--click=\"actions.toggle\" data-wp-on--keydown=\"actions.handleKeyDown\" id=\"accordion-item-2\" type=\"button\" class=\"wp-block-accordion-heading__toggle\"><span class=\"wp-block-accordion-heading__toggle-title\">Quel soin pour quel type de peau?<\/span><span class=\"wp-block-accordion-heading__toggle-icon\" aria-hidden=\"true\">+<\/span><\/button><\/h3>\n\n\n\n<div inert aria-labelledby=\"accordion-item-2\" data-wp-bind--inert=\"!state.isOpen\" id=\"accordion-item-2-panel\" role=\"region\" class=\"wp-block-accordion-panel is-layout-flow wp-block-accordion-panel-is-layout-flow\">\n<p>Les soins visage propos\u00e9s chez&nbsp;EffiScience Paris&nbsp;sont adapt\u00e9s \u00e0 tous les types de peau. Chaque protocole d\u00e9bute par un diagnostic personnalis\u00e9 afin d\u2019ajuster les techniques, les actifs et les intensit\u00e9s selon les besoins sp\u00e9cifiques de votre peau, y compris les peaux sensibles.<\/p>\n\n\n\n<p>Le&nbsp;Kobido&nbsp;et les soins par radiofr\u00e9quence s\u2019adressent particuli\u00e8rement aux peaux en qu\u00eate de fermet\u00e9, de tonicit\u00e9 et de pr\u00e9vention anti-\u00e2ge. L\u2019HydraFacial est id\u00e9al pour am\u00e9liorer le grain de peau gr\u00e2ce \u00e0 un nettoyage profond, une exfoliation douce et une extraction des impuret\u00e9s. Enfin, le LuminFusion Dermalogica associe \u00e9clat, hydratation intense et lissage cutan\u00e9 pour une peau visiblement plus lumineuse, repulp\u00e9e et durablement raffermie.<\/p>\n<\/div>\n<\/div>\n\n\n\n<div data-wp-class--is-open=\"state.isOpen\" data-wp-context=\"{ &quot;id&quot;: &quot;accordion-item-3&quot;, &quot;openByDefault&quot;: false }\" data-wp-init=\"callbacks.initAccordionItems\" data-wp-on-window--hashchange=\"callbacks.hashChange\" class=\"wp-block-accordion-item is-layout-flow wp-block-accordion-item-is-layout-flow\">\n<h3 class=\"wp-block-accordion-heading\"><button aria-expanded=\"false\" aria-controls=\"accordion-item-3-panel\" data-wp-bind--aria-expanded=\"state.isOpen\" data-wp-on--click=\"actions.toggle\" data-wp-on--keydown=\"actions.handleKeyDown\" id=\"accordion-item-3\" type=\"button\" class=\"wp-block-accordion-heading__toggle\"><span class=\"wp-block-accordion-heading__toggle-title\">Quelle est la diff\u00e9rence entre Hydrafacial, LuminFusion, Kobido et radiofr\u00e9quence ?<\/span><span class=\"wp-block-accordion-heading__toggle-icon\" aria-hidden=\"true\">+<\/span><\/button><\/h3>\n\n\n\n<div inert aria-labelledby=\"accordion-item-3\" data-wp-bind--inert=\"!state.isOpen\" id=\"accordion-item-3-panel\" role=\"region\" class=\"wp-block-accordion-panel is-layout-flow wp-block-accordion-panel-is-layout-flow\">\n<p>Chaque soin visage r\u00e9pond \u00e0 des besoins sp\u00e9cifiques.<br><strong>L\u2019Hydrafacial<\/strong>&nbsp;est id\u00e9al pour nettoyer la peau en profondeur, l\u2019exfolier et l\u2019hydrater, avec un effet \u00e9clat imm\u00e9diat.<br><strong>Le soin LuminFusion Dermalogica<\/strong>&nbsp;cible la luminosit\u00e9 et le grain de peau gr\u00e2ce \u00e0 une combinaison de peeling, d\u2019actifs et de LED.<br><strong>Le Kobido<\/strong>&nbsp;est un massage facial manuel aux effets liftants naturels, qui tonifie les muscles du visage et favorise la d\u00e9tente.<br><strong>La radiofr\u00e9quence visage<\/strong>&nbsp;agit sur la fermet\u00e9 et le lissage de la peau en stimulant la production de collag\u00e8ne gr\u00e2ce \u00e0 la chaleur contr\u00f4l\u00e9e.<\/p>\n\n\n\n<p>Un diagnostic personnalis\u00e9 permet de d\u00e9terminer le soin le plus adapt\u00e9 \u00e0 vos objectifs et \u00e0 votre type de peau.<\/p>\n<\/div>\n<\/div>\n\n\n\n<div data-wp-class--is-open=\"state.isOpen\" data-wp-context=\"{ &quot;id&quot;: &quot;accordion-item-4&quot;, &quot;openByDefault&quot;: false }\" data-wp-init=\"callbacks.initAccordionItems\" data-wp-on-window--hashchange=\"callbacks.hashChange\" class=\"wp-block-accordion-item is-layout-flow wp-block-accordion-item-is-layout-flow\">\n<h3 class=\"wp-block-accordion-heading\"><button aria-expanded=\"false\" aria-controls=\"accordion-item-4-panel\" data-wp-bind--aria-expanded=\"state.isOpen\" data-wp-on--click=\"actions.toggle\" data-wp-on--keydown=\"actions.handleKeyDown\" id=\"accordion-item-4\" type=\"button\" class=\"wp-block-accordion-heading__toggle\"><span class=\"wp-block-accordion-heading__toggle-title\">Les soins sont-il invasifs? Peut-on reprendre une activit\u00e9 normale apr\u00e8s la s\u00e9ance?<\/span><span class=\"wp-block-accordion-heading__toggle-icon\" aria-hidden=\"true\">+<\/span><\/button><\/h3>\n\n\n\n<div inert aria-labelledby=\"accordion-item-4\" data-wp-bind--inert=\"!state.isOpen\" id=\"accordion-item-4-panel\" role=\"region\" class=\"wp-block-accordion-panel is-layout-flow wp-block-accordion-panel-is-layout-flow\">\n<p><strong>Oui.<\/strong>&nbsp;Les soins visage propos\u00e9s sont&nbsp;<strong>non invasifs<\/strong>&nbsp;et ne n\u00e9cessitent&nbsp;<strong>aucune \u00e9viction sociale<\/strong>.<br>Vous pouvez reprendre une activit\u00e9 normale imm\u00e9diatement apr\u00e8s la s\u00e9ance, avec une peau fra\u00eeche, lumineuse et revitalis\u00e9e.<\/p>\n<\/div>\n<\/div>\n\n\n\n<div data-wp-class--is-open=\"state.isOpen\" data-wp-context=\"{ &quot;id&quot;: &quot;accordion-item-5&quot;, &quot;openByDefault&quot;: false }\" data-wp-init=\"callbacks.initAccordionItems\" data-wp-on-window--hashchange=\"callbacks.hashChange\" class=\"wp-block-accordion-item is-layout-flow wp-block-accordion-item-is-layout-flow\">\n<h3 class=\"wp-block-accordion-heading\"><button aria-expanded=\"false\" aria-controls=\"accordion-item-5-panel\" data-wp-bind--aria-expanded=\"state.isOpen\" data-wp-on--click=\"actions.toggle\" data-wp-on--keydown=\"actions.handleKeyDown\" id=\"accordion-item-5\" type=\"button\" class=\"wp-block-accordion-heading__toggle\"><span class=\"wp-block-accordion-heading__toggle-title\">Pourquoi avoir choisi la marque Dermalogica?<\/span><span class=\"wp-block-accordion-heading__toggle-icon\" aria-hidden=\"true\">+<\/span><\/button><\/h3>\n\n\n\n<div inert aria-labelledby=\"accordion-item-5\" data-wp-bind--inert=\"!state.isOpen\" id=\"accordion-item-5-panel\" role=\"region\" class=\"wp-block-accordion-panel is-layout-flow wp-block-accordion-panel-is-layout-flow\">\n<p><strong><a href=\"https:\/\/dermalogica.fr\">Dermalogica<\/a><\/strong>&nbsp;est une marque de r\u00e9f\u00e9rence en soins professionnels, reconnue pour son expertise scientifique, la qualit\u00e9 de ses actifs et ses formules respectueuses de la peau.<br>Son approche repose sur des soins personnalis\u00e9s, efficaces et non invasifs, parfaitement en accord avec la philosophie d\u2019EffiScience. Les protocoles Dermalogica offrent des r\u00e9sultats visibles tout en respectant l\u2019\u00e9quilibre cutan\u00e9, ce qui en fait un choix id\u00e9al pour des soins visage haute performance.<\/p>\n<\/div>\n<\/div>\n<\/div>\n<\/div>\n<\/div>\n<\/div>\n\n\n\n<div data-wp-context=\"{ &quot;autoclose&quot;: false, &quot;accordionItems&quot;: [] }\" data-wp-interactive=\"core\/accordion\" role=\"group\" class=\"wp-block-accordion is-layout-flow wp-block-accordion-is-layout-flow\">\n<div data-wp-class--is-open=\"state.isOpen\" data-wp-context=\"{ &quot;id&quot;: &quot;accordion-item-9&quot;, &quot;openByDefault&quot;: false }\" data-wp-init=\"callbacks.initAccordionItems\" data-wp-on-window--hashchange=\"callbacks.hashChange\" class=\"wp-block-accordion-item is-layout-flow wp-block-accordion-item-is-layout-flow\">\n<h3 class=\"wp-block-accordion-heading\"><button aria-expanded=\"false\" aria-controls=\"accordion-item-9-panel\" data-wp-bind--aria-expanded=\"state.isOpen\" data-wp-on--click=\"actions.toggle\" data-wp-on--keydown=\"actions.handleKeyDown\" id=\"accordion-item-9\" type=\"button\" class=\"wp-block-accordion-heading__toggle\"><span class=\"wp-block-accordion-heading__toggle-title\">Les r\u00e9sultats<\/span><span class=\"wp-block-accordion-heading__toggle-icon\" aria-hidden=\"true\">+<\/span><\/button><\/h3>\n\n\n\n<div inert aria-labelledby=\"accordion-item-9\" data-wp-bind--inert=\"!state.isOpen\" id=\"accordion-item-9-panel\" role=\"region\" class=\"wp-block-accordion-panel is-layout-flow wp-block-accordion-panel-is-layout-flow\">\n<div data-wp-context=\"{ &quot;autoclose&quot;: false, &quot;accordionItems&quot;: [] }\" data-wp-interactive=\"core\/accordion\" role=\"group\" class=\"wp-block-accordion is-layout-flow wp-block-accordion-is-layout-flow\">\n<div data-wp-class--is-open=\"state.isOpen\" data-wp-context=\"{ &quot;id&quot;: &quot;accordion-item-7&quot;, &quot;openByDefault&quot;: false }\" data-wp-init=\"callbacks.initAccordionItems\" data-wp-on-window--hashchange=\"callbacks.hashChange\" class=\"wp-block-accordion-item is-layout-flow wp-block-accordion-item-is-layout-flow\">\n<h3 class=\"wp-block-accordion-heading\"><button aria-expanded=\"false\" aria-controls=\"accordion-item-7-panel\" data-wp-bind--aria-expanded=\"state.isOpen\" data-wp-on--click=\"actions.toggle\" data-wp-on--keydown=\"actions.handleKeyDown\" id=\"accordion-item-7\" type=\"button\" class=\"wp-block-accordion-heading__toggle\"><span class=\"wp-block-accordion-heading__toggle-title\">Les r\u00e9sultats sont-il visibles d\u00e9s la premi\u00e8re s\u00e9ance?<\/span><span class=\"wp-block-accordion-heading__toggle-icon\" aria-hidden=\"true\">+<\/span><\/button><\/h3>\n\n\n\n<div inert aria-labelledby=\"accordion-item-7\" data-wp-bind--inert=\"!state.isOpen\" id=\"accordion-item-7-panel\" role=\"region\" class=\"wp-block-accordion-panel is-layout-flow wp-block-accordion-panel-is-layout-flow\">\n<p><strong>Oui.<\/strong>&nbsp;Les r\u00e9sultats des soins visage sont visibles d\u00e8s la premi\u00e8re s\u00e9ance.<br>La peau appara\u00eet plus lumineuse, plus lisse et mieux hydrat\u00e9e. Selon les objectifs, des s\u00e9ances compl\u00e9mentaires peuvent \u00eatre recommand\u00e9es afin de prolonger et d\u2019optimiser les r\u00e9sultats dans le temps<\/p>\n<\/div>\n<\/div>\n\n\n\n<div data-wp-class--is-open=\"state.isOpen\" data-wp-context=\"{ &quot;id&quot;: &quot;accordion-item-8&quot;, &quot;openByDefault&quot;: false }\" data-wp-init=\"callbacks.initAccordionItems\" data-wp-on-window--hashchange=\"callbacks.hashChange\" class=\"wp-block-accordion-item is-layout-flow wp-block-accordion-item-is-layout-flow\">\n<h3 class=\"wp-block-accordion-heading\"><button aria-expanded=\"false\" aria-controls=\"accordion-item-8-panel\" data-wp-bind--aria-expanded=\"state.isOpen\" data-wp-on--click=\"actions.toggle\" data-wp-on--keydown=\"actions.handleKeyDown\" id=\"accordion-item-8\" type=\"button\" class=\"wp-block-accordion-heading__toggle\"><span class=\"wp-block-accordion-heading__toggle-title\">Quels r\u00e9sultats peut-on attendre d&#8217;un soin visage?<\/span><span class=\"wp-block-accordion-heading__toggle-icon\" aria-hidden=\"true\">+<\/span><\/button><\/h3>\n\n\n\n<div inert aria-labelledby=\"accordion-item-8\" data-wp-bind--inert=\"!state.isOpen\" id=\"accordion-item-8-panel\" role=\"region\" class=\"wp-block-accordion-panel is-layout-flow wp-block-accordion-panel-is-layout-flow\">\n<p>Apr\u00e8s un soin visage, la peau appara\u00eet plus lumineuse, plus lisse et mieux hydrat\u00e9e.<br>Le grain de peau est affin\u00e9, les traits sont d\u00e9tendus et le teint plus \u00e9clatant.<\/p>\n\n\n\n<p>Les r\u00e9sultats sont visibles d\u00e8s la premi\u00e8re s\u00e9ance et peuvent \u00eatre renforc\u00e9s par des soins r\u00e9guliers ou une cure personnalis\u00e9e.<br>La&nbsp;<strong>radiofr\u00e9quence visage<\/strong>&nbsp;est notamment conseill\u00e9e en cure rapproch\u00e9e de&nbsp;<strong>3 \u00e0 6 s\u00e9ances<\/strong>, \u00e0 raison d\u2019une s\u00e9ance par mois.<br>L\u2019<strong>Hydrafacial<\/strong>&nbsp;peut \u00eatre pratiqu\u00e9&nbsp;<strong>mensuellement<\/strong>&nbsp;pour les peaux \u00e9paisses, ou&nbsp;<strong>\u00e0 chaque changement de saison<\/strong>&nbsp;pour les peaux plus fines.<br>Le&nbsp;<strong>LuminFusion<\/strong>&nbsp;se r\u00e9alise g\u00e9n\u00e9ralement en&nbsp;<strong>cure de 3 s\u00e9ances mensuelles<\/strong>.<br>Le&nbsp;<strong>Kobido<\/strong>, quant \u00e0 lui, est recommand\u00e9&nbsp;<strong>une fois par mois<\/strong>&nbsp;afin de pr\u00e9server durablement ses bienfaits.<\/p>\n\n\n\n<p>Au fil des s\u00e9ances, les r\u00e9sultats deviennent&nbsp;<strong>de plus en plus visibles et durables<\/strong>.<\/p>\n<\/div>\n<\/div>\n<\/div>\n<\/div>\n<\/div>\n<\/div>\n\n\n\n<div data-wp-context=\"{ &quot;autoclose&quot;: false, &quot;accordionItems&quot;: [] }\" data-wp-interactive=\"core\/accordion\" role=\"group\" class=\"wp-block-accordion is-layout-flow wp-block-accordion-is-layout-flow\">\n<div data-wp-class--is-open=\"state.isOpen\" data-wp-context=\"{ &quot;id&quot;: &quot;accordion-item-14&quot;, &quot;openByDefault&quot;: false }\" data-wp-init=\"callbacks.initAccordionItems\" data-wp-on-window--hashchange=\"callbacks.hashChange\" class=\"wp-block-accordion-item is-layout-flow wp-block-accordion-item-is-layout-flow\">\n<h3 class=\"wp-block-accordion-heading\"><button aria-expanded=\"false\" aria-controls=\"accordion-item-14-panel\" data-wp-bind--aria-expanded=\"state.isOpen\" data-wp-on--click=\"actions.toggle\" data-wp-on--keydown=\"actions.handleKeyDown\" id=\"accordion-item-14\" type=\"button\" class=\"wp-block-accordion-heading__toggle\"><span class=\"wp-block-accordion-heading__toggle-title\">Tarif &amp; cures<\/span><span class=\"wp-block-accordion-heading__toggle-icon\" aria-hidden=\"true\">+<\/span><\/button><\/h3>\n\n\n\n<div inert aria-labelledby=\"accordion-item-14\" data-wp-bind--inert=\"!state.isOpen\" id=\"accordion-item-14-panel\" role=\"region\" class=\"wp-block-accordion-panel is-layout-flow wp-block-accordion-panel-is-layout-flow\">\n<div data-wp-context=\"{ &quot;autoclose&quot;: false, &quot;accordionItems&quot;: [] }\" data-wp-interactive=\"core\/accordion\" role=\"group\" class=\"wp-block-accordion is-layout-flow wp-block-accordion-is-layout-flow\">\n<div data-wp-class--is-open=\"state.isOpen\" data-wp-context=\"{ &quot;id&quot;: &quot;accordion-item-11&quot;, &quot;openByDefault&quot;: false }\" data-wp-init=\"callbacks.initAccordionItems\" data-wp-on-window--hashchange=\"callbacks.hashChange\" class=\"wp-block-accordion-item is-layout-flow wp-block-accordion-item-is-layout-flow\">\n<h3 class=\"wp-block-accordion-heading\"><button aria-expanded=\"false\" aria-controls=\"accordion-item-11-panel\" data-wp-bind--aria-expanded=\"state.isOpen\" data-wp-on--click=\"actions.toggle\" data-wp-on--keydown=\"actions.handleKeyDown\" id=\"accordion-item-11\" type=\"button\" class=\"wp-block-accordion-heading__toggle\"><span class=\"wp-block-accordion-heading__toggle-title\">Quels sont les tarifs?<\/span><span class=\"wp-block-accordion-heading__toggle-icon\" aria-hidden=\"true\">+<\/span><\/button><\/h3>\n\n\n\n<div inert aria-labelledby=\"accordion-item-11\" data-wp-bind--inert=\"!state.isOpen\" id=\"accordion-item-11-panel\" role=\"region\" class=\"wp-block-accordion-panel is-layout-flow wp-block-accordion-panel-is-layout-flow\">\n<p>Nos soins co\u00fbtent entre 120 et 150\u20ac. Les cures permettent d&#8217;obtenir 10 \u00e0 20% de r\u00e9duction sur les packs de soins.<\/p>\n\n\n\n<div data-wp-context=\"{ &quot;autoclose&quot;: false, &quot;accordionItems&quot;: [] }\" data-wp-interactive=\"core\/accordion\" role=\"group\" class=\"wp-block-accordion is-layout-flow wp-block-accordion-is-layout-flow\">\n<div data-wp-class--is-open=\"state.isOpen\" data-wp-context=\"{ &quot;id&quot;: &quot;accordion-item-10&quot;, &quot;openByDefault&quot;: false }\" data-wp-init=\"callbacks.initAccordionItems\" data-wp-on-window--hashchange=\"callbacks.hashChange\" class=\"wp-block-accordion-item is-layout-flow wp-block-accordion-item-is-layout-flow\">\n<h3 class=\"wp-block-accordion-heading\"><button aria-expanded=\"false\" aria-controls=\"accordion-item-10-panel\" data-wp-bind--aria-expanded=\"state.isOpen\" data-wp-on--click=\"actions.toggle\" data-wp-on--keydown=\"actions.handleKeyDown\" id=\"accordion-item-10\" type=\"button\" class=\"wp-block-accordion-heading__toggle\"><span class=\"wp-block-accordion-heading__toggle-title\"><\/span><span class=\"wp-block-accordion-heading__toggle-icon\" aria-hidden=\"true\">+<\/span><\/button><\/h3>\n\n\n\n<div inert aria-labelledby=\"accordion-item-10\" data-wp-bind--inert=\"!state.isOpen\" id=\"accordion-item-10-panel\" role=\"region\" class=\"wp-block-accordion-panel is-layout-flow wp-block-accordion-panel-is-layout-flow\">\n<p><\/p>\n<\/div>\n<\/div>\n<\/div>\n<\/div>\n<\/div>\n\n\n\n<div data-wp-class--is-open=\"state.isOpen\" data-wp-context=\"{ &quot;id&quot;: &quot;accordion-item-12&quot;, &quot;openByDefault&quot;: false }\" data-wp-init=\"callbacks.initAccordionItems\" data-wp-on-window--hashchange=\"callbacks.hashChange\" class=\"wp-block-accordion-item is-layout-flow wp-block-accordion-item-is-layout-flow\">\n<h3 class=\"wp-block-accordion-heading\"><button aria-expanded=\"false\" aria-controls=\"accordion-item-12-panel\" data-wp-bind--aria-expanded=\"state.isOpen\" data-wp-on--click=\"actions.toggle\" data-wp-on--keydown=\"actions.handleKeyDown\" id=\"accordion-item-12\" type=\"button\" class=\"wp-block-accordion-heading__toggle\"><span class=\"wp-block-accordion-heading__toggle-title\">Comment fonctionnent les cures?<\/span><span class=\"wp-block-accordion-heading__toggle-icon\" aria-hidden=\"true\">+<\/span><\/button><\/h3>\n\n\n\n<div inert aria-labelledby=\"accordion-item-12\" data-wp-bind--inert=\"!state.isOpen\" id=\"accordion-item-12-panel\" role=\"region\" class=\"wp-block-accordion-panel is-layout-flow wp-block-accordion-panel-is-layout-flow\">\n<p>Les cures peuvent combiner soins visages, soins corps et s\u00e9ances de sport pour avoir un pack adapt\u00e9 \u00e0 l&#8217;ensemble de vos objectifs.<\/p>\n<\/div>\n<\/div>\n\n\n\n<div data-wp-class--is-open=\"state.isOpen\" data-wp-context=\"{ &quot;id&quot;: &quot;accordion-item-13&quot;, &quot;openByDefault&quot;: false }\" data-wp-init=\"callbacks.initAccordionItems\" data-wp-on-window--hashchange=\"callbacks.hashChange\" class=\"wp-block-accordion-item is-layout-flow wp-block-accordion-item-is-layout-flow\">\n<h3 class=\"wp-block-accordion-heading\"><button aria-expanded=\"false\" aria-controls=\"accordion-item-13-panel\" data-wp-bind--aria-expanded=\"state.isOpen\" data-wp-on--click=\"actions.toggle\" data-wp-on--keydown=\"actions.handleKeyDown\" id=\"accordion-item-13\" type=\"button\" class=\"wp-block-accordion-heading__toggle\"><span class=\"wp-block-accordion-heading__toggle-title\">Est-ce que le sport chauff\u00e9 contribue \u00e0 une peau rayonnante?<\/span><span class=\"wp-block-accordion-heading__toggle-icon\" aria-hidden=\"true\">+<\/span><\/button><\/h3>\n\n\n\n<div inert aria-labelledby=\"accordion-item-13\" data-wp-bind--inert=\"!state.isOpen\" id=\"accordion-item-13-panel\" role=\"region\" class=\"wp-block-accordion-panel is-layout-flow wp-block-accordion-panel-is-layout-flow\">\n<p>Oui, le&nbsp;<strong>sport chauff\u00e9<\/strong>&nbsp;peut contribuer \u00e0 une&nbsp;<strong>peau plus rayonnante<\/strong>, plus nette et visiblement revitalis\u00e9e. En augmentant la temp\u00e9rature corporelle et la circulation sanguine, il favorise une meilleure oxyg\u00e9nation des tissus et un apport renforc\u00e9 en nutriments essentiels \u00e0 la peau. R\u00e9sultat : le teint para\u00eet plus lumineux et plus uniforme.<\/p>\n\n\n\n<p>La transpiration g\u00e9n\u00e9r\u00e9e pendant une s\u00e9ance de&nbsp;<strong>sport chauff\u00e9 \u00e0 Paris<\/strong>&nbsp;aide \u00e9galement \u00e0 \u00e9liminer les impuret\u00e9s accumul\u00e9es \u00e0 la surface de la peau et \u00e0 d\u00e9sobstruer les pores. Associ\u00e9e \u00e0 une bonne hydratation et \u00e0 une routine adapt\u00e9e, elle peut am\u00e9liorer l\u2019\u00e9clat naturel du visage.<\/p>\n\n\n\n<p>Pratiqu\u00e9 r\u00e9guli\u00e8rement, le sport chauff\u00e9 contribue aussi \u00e0 r\u00e9duire le stress, facteur fr\u00e9quent de teint terne et d\u2019imperfections cutan\u00e9es. Chez&nbsp;EffiScience Paris, nos s\u00e9ances de sport chauff\u00e9 s\u2019int\u00e8grent parfaitement dans une approche globale m\u00ealant forme, bien-\u00eatre et beaut\u00e9 de la peau.<\/p>\n<\/div>\n<\/div>\n<\/div>\n<\/div>\n<\/div>\n<\/div>\n\n\n\n<div class=\"wp-block-buttons is-content-justification-center is-layout-flex wp-container-core-buttons-is-layout-a89b3969 wp-block-buttons-is-layout-flex\">\n<div class=\"wp-block-button\"><a class=\"wp-block-button__link wp-element-button\" href=\"mailto:reservations@effiscience.paris\">Posez vos questions \u00e0 notre \u00e9quipe<\/a><\/div>\n<\/div>\n\n\n\n<div style=\"height:100px\" aria-hidden=\"true\" class=\"wp-block-spacer\"><\/div>\n\n\n\n<p class=\"has-text-align-center\"><strong>R\u00e9servez vite votre diagnostique<\/strong><\/p>\n\n\n\n<h2 class=\"wp-block-heading has-text-align-center\" id=\"schedule-a-visit\">Votre diagnostique offert pour une cure sur mesure<\/h2>\n\n\n\n<div class=\"wp-block-buttons is-content-justification-center is-layout-flex wp-container-core-buttons-is-layout-a89b3969 wp-block-buttons-is-layout-flex\">\n<div class=\"wp-block-button\"><a class=\"wp-block-button__link has-text-align-center wp-element-button\" href=\"https:\/\/www.planity.com\/effiscience-paris-75006\" target=\"_blank\" rel=\"noreferrer noopener\">Prendre rendez-vous pour un diagnostique<\/a><\/div>\n<\/div>\n\n\n\n<p><\/p>\n","protected":false},"excerpt":{"rendered":"<p>R\u00e9servez vite votre diagnostique Votre diagnostique offert pour une cure sur mesure<\/p>\n","protected":false},"author":1,"featured_media":0,"parent":0,"menu_order":0,"comment_status":"closed","ping_status":"closed","template":"","meta":{"site-sidebar-layout":"default","site-content-layout":"","ast-site-content-layout":"default","site-content-style":"default","site-sidebar-style":"default","ast-global-header-display":"","ast-banner-title-visibility":"","ast-main-header-display":"","ast-hfb-above-header-display":"","ast-hfb-below-header-display":"","ast-hfb-mobile-header-display":"","site-post-title":"disabled","ast-breadcrumbs-content":"","ast-featured-img":"","footer-sml-layout":"","ast-disable-related-posts":"","theme-transparent-header-meta":"","adv-header-id-meta":"","stick-header-meta":"","header-above-stick-meta":"","header-main-stick-meta":"","header-below-stick-meta":"","astra-migrate-meta-layouts":"default","ast-page-background-enabled":"default","ast-page-background-meta":{"desktop":{"background-color":"var(--ast-global-color-5)","background-image":"","background-repeat":"repeat","background-position":"center center","background-size":"auto","background-attachment":"scroll","background-type":"","background-media":"","overlay-type":"","overlay-color":"","overlay-opacity":"","overlay-gradient":""},"tablet":{"background-color":"","background-image":"","background-repeat":"repeat","background-position":"center center","background-size":"auto","background-attachment":"scroll","background-type":"","background-media":"","overlay-type":"","overlay-color":"","overlay-opacity":"","overlay-gradient":""},"mobile":{"background-color":"","background-image":"","background-repeat":"repeat","background-position":"center center","background-size":"auto","background-attachment":"scroll","background-type":"","background-media":"","overlay-type":"","overlay-color":"","overlay-opacity":"","overlay-gradient":""}},"ast-content-background-meta":{"desktop":{"background-color":"var(--ast-global-color-4)","background-image":"","background-repeat":"repeat","background-position":"center center","background-size":"auto","background-attachment":"scroll","background-type":"","background-media":"","overlay-type":"","overlay-color":"","overlay-opacity":"","overlay-gradient":""},"tablet":{"background-color":"var(--ast-global-color-4)","background-image":"","background-repeat":"repeat","background-position":"center center","background-size":"auto","background-attachment":"scroll","background-type":"","background-media":"","overlay-type":"","overlay-color":"","overlay-opacity":"","overlay-gradient":""},"mobile":{"background-color":"var(--ast-global-color-4)","background-image":"","background-repeat":"repeat","background-position":"center center","background-size":"auto","background-attachment":"scroll","background-type":"","background-media":"","overlay-type":"","overlay-color":"","overlay-opacity":"","overlay-gradient":""}},"footnotes":""},"class_list":["post-751","page","type-page","status-publish","hentry"],"yoast_head":"<!-- This site is optimized with the Yoast SEO Premium plugin v26.7 (Yoast SEO v26.7) - https:\/\/yoast.com\/wordpress\/plugins\/seo\/ -->\n<title>Soin visage \u00e0 Paris - Vos Questions - EffiScience<\/title>\n<meta name=\"robots\" content=\"index, follow, max-snippet:-1, max-image-preview:large, max-video-preview:-1\" \/>\n<link rel=\"canonical\" href=\"http:\/\/www.celsyus.effiscience.paris\/index.php\/soin-visage-a-paris-vos-questions\/\" \/>\n<meta property=\"og:locale\" content=\"en_US\" \/>\n<meta property=\"og:type\" content=\"article\" \/>\n<meta property=\"og:title\" content=\"Soin visage \u00e0 Paris - Vos Questions\" \/>\n<meta property=\"og:description\" content=\"R\u00e9servez vite votre diagnostique Votre diagnostique offert pour une cure sur mesure\" \/>\n<meta property=\"og:url\" content=\"http:\/\/www.celsyus.effiscience.paris\/index.php\/soin-visage-a-paris-vos-questions\/\" \/>\n<meta property=\"og:site_name\" content=\"EffiScience\" \/>\n<meta property=\"article:publisher\" content=\"https:\/\/www.facebook.com\/EffiscienceParis\/\" \/>\n<meta property=\"article:modified_time\" content=\"2026-04-25T02:31:50+00:00\" \/>\n<meta property=\"og:image\" content=\"http:\/\/www.celsyus.effiscience.paris\/wp-content\/uploads\/2025\/12\/Kobido1-1.png\" \/>\n<meta name=\"twitter:card\" content=\"summary_large_image\" \/>\n<meta name=\"twitter:label1\" content=\"Est. reading time\" \/>\n\t<meta name=\"twitter:data1\" content=\"5 minutes\" \/>\n<script type=\"application\/ld+json\" class=\"yoast-schema-graph\">{\"@context\":\"https:\/\/schema.org\",\"@graph\":[{\"@type\":\"WebPage\",\"@id\":\"http:\/\/www.celsyus.effiscience.paris\/index.php\/soin-visage-a-paris-vos-questions\/\",\"url\":\"http:\/\/www.celsyus.effiscience.paris\/index.php\/soin-visage-a-paris-vos-questions\/\",\"name\":\"Soin visage \u00e0 Paris - Vos Questions - EffiScience\",\"isPartOf\":{\"@id\":\"http:\/\/www.celsyus.effiscience.paris\/#website\"},\"primaryImageOfPage\":{\"@id\":\"http:\/\/www.celsyus.effiscience.paris\/index.php\/soin-visage-a-paris-vos-questions\/#primaryimage\"},\"image\":{\"@id\":\"http:\/\/www.celsyus.effiscience.paris\/index.php\/soin-visage-a-paris-vos-questions\/#primaryimage\"},\"thumbnailUrl\":\"http:\/\/www.celsyus.effiscience.paris\/wp-content\/uploads\/2025\/12\/Kobido1-1.png\",\"datePublished\":\"2026-04-25T01:27:58+00:00\",\"dateModified\":\"2026-04-25T02:31:50+00:00\",\"breadcrumb\":{\"@id\":\"http:\/\/www.celsyus.effiscience.paris\/index.php\/soin-visage-a-paris-vos-questions\/#breadcrumb\"},\"inLanguage\":\"en-US\",\"potentialAction\":[{\"@type\":\"ReadAction\",\"target\":[\"http:\/\/www.celsyus.effiscience.paris\/index.php\/soin-visage-a-paris-vos-questions\/\"]}]},{\"@type\":\"ImageObject\",\"inLanguage\":\"en-US\",\"@id\":\"http:\/\/www.celsyus.effiscience.paris\/index.php\/soin-visage-a-paris-vos-questions\/#primaryimage\",\"url\":\"http:\/\/www.celsyus.effiscience.paris\/wp-content\/uploads\/2025\/12\/Kobido1-1.png\",\"contentUrl\":\"http:\/\/www.celsyus.effiscience.paris\/wp-content\/uploads\/2025\/12\/Kobido1-1.png\",\"width\":1604,\"height\":920,\"caption\":\"Soin visage \u00e0 Paris haut de gamme\"},{\"@type\":\"BreadcrumbList\",\"@id\":\"http:\/\/www.celsyus.effiscience.paris\/index.php\/soin-visage-a-paris-vos-questions\/#breadcrumb\",\"itemListElement\":[{\"@type\":\"ListItem\",\"position\":1,\"name\":\"Home\",\"item\":\"http:\/\/www.celsyus.effiscience.paris\/\"},{\"@type\":\"ListItem\",\"position\":2,\"name\":\"Soin visage \u00e0 Paris &#8211; Vos Questions\"}]},{\"@type\":\"WebSite\",\"@id\":\"http:\/\/www.celsyus.effiscience.paris\/#website\",\"url\":\"http:\/\/www.celsyus.effiscience.paris\/\",\"name\":\"EffiScience\",\"description\":\"\",\"publisher\":{\"@id\":\"http:\/\/www.celsyus.effiscience.paris\/#organization\"},\"potentialAction\":[{\"@type\":\"SearchAction\",\"target\":{\"@type\":\"EntryPoint\",\"urlTemplate\":\"http:\/\/www.celsyus.effiscience.paris\/?s={search_term_string}\"},\"query-input\":{\"@type\":\"PropertyValueSpecification\",\"valueRequired\":true,\"valueName\":\"search_term_string\"}}],\"inLanguage\":\"en-US\"},{\"@type\":[\"Organization\",\"Place\"],\"@id\":\"http:\/\/www.celsyus.effiscience.paris\/#organization\",\"name\":\"EffiScience Paris\",\"alternateName\":\"EffiScience\",\"url\":\"http:\/\/www.celsyus.effiscience.paris\/\",\"logo\":{\"@id\":\"http:\/\/www.celsyus.effiscience.paris\/index.php\/soin-visage-a-paris-vos-questions\/#local-main-organization-logo\"},\"image\":{\"@id\":\"http:\/\/www.celsyus.effiscience.paris\/index.php\/soin-visage-a-paris-vos-questions\/#local-main-organization-logo\"},\"sameAs\":[\"https:\/\/www.facebook.com\/EffiscienceParis\/\",\"https:\/\/www.instagram.com\/effiscience_paris\/\"],\"telephone\":[],\"openingHoursSpecification\":[{\"@type\":\"OpeningHoursSpecification\",\"dayOfWeek\":[\"Monday\",\"Tuesday\",\"Wednesday\",\"Thursday\",\"Friday\",\"Saturday\",\"Sunday\"],\"opens\":\"09:00\",\"closes\":\"17:00\"}]},{\"@type\":\"ImageObject\",\"inLanguage\":\"en-US\",\"@id\":\"http:\/\/www.celsyus.effiscience.paris\/index.php\/soin-visage-a-paris-vos-questions\/#local-main-organization-logo\",\"url\":\"http:\/\/www.celsyus.effiscience.paris\/wp-content\/uploads\/2025\/12\/EffiScienceLogoCarre.png\",\"contentUrl\":\"http:\/\/www.celsyus.effiscience.paris\/wp-content\/uploads\/2025\/12\/EffiScienceLogoCarre.png\",\"width\":330,\"height\":331,\"caption\":\"EffiScience Paris\"}]}<\/script>\n<!-- \/ Yoast SEO Premium plugin. -->","yoast_head_json":{"title":"Soin visage \u00e0 Paris - Vos Questions - EffiScience","robots":{"index":"index","follow":"follow","max-snippet":"max-snippet:-1","max-image-preview":"max-image-preview:large","max-video-preview":"max-video-preview:-1"},"canonical":"http:\/\/www.celsyus.effiscience.paris\/index.php\/soin-visage-a-paris-vos-questions\/","og_locale":"en_US","og_type":"article","og_title":"Soin visage \u00e0 Paris - Vos Questions","og_description":"R\u00e9servez vite votre diagnostique Votre diagnostique offert pour une cure sur mesure","og_url":"http:\/\/www.celsyus.effiscience.paris\/index.php\/soin-visage-a-paris-vos-questions\/","og_site_name":"EffiScience","article_publisher":"https:\/\/www.facebook.com\/EffiscienceParis\/","article_modified_time":"2026-04-25T02:31:50+00:00","og_image":[{"url":"http:\/\/www.celsyus.effiscience.paris\/wp-content\/uploads\/2025\/12\/Kobido1-1.png","type":"","width":"","height":""}],"twitter_card":"summary_large_image","twitter_misc":{"Est. reading time":"5 minutes"},"schema":{"@context":"https:\/\/schema.org","@graph":[{"@type":"WebPage","@id":"http:\/\/www.celsyus.effiscience.paris\/index.php\/soin-visage-a-paris-vos-questions\/","url":"http:\/\/www.celsyus.effiscience.paris\/index.php\/soin-visage-a-paris-vos-questions\/","name":"Soin visage \u00e0 Paris - Vos Questions - EffiScience","isPartOf":{"@id":"http:\/\/www.celsyus.effiscience.paris\/#website"},"primaryImageOfPage":{"@id":"http:\/\/www.celsyus.effiscience.paris\/index.php\/soin-visage-a-paris-vos-questions\/#primaryimage"},"image":{"@id":"http:\/\/www.celsyus.effiscience.paris\/index.php\/soin-visage-a-paris-vos-questions\/#primaryimage"},"thumbnailUrl":"http:\/\/www.celsyus.effiscience.paris\/wp-content\/uploads\/2025\/12\/Kobido1-1.png","datePublished":"2026-04-25T01:27:58+00:00","dateModified":"2026-04-25T02:31:50+00:00","breadcrumb":{"@id":"http:\/\/www.celsyus.effiscience.paris\/index.php\/soin-visage-a-paris-vos-questions\/#breadcrumb"},"inLanguage":"en-US","potentialAction":[{"@type":"ReadAction","target":["http:\/\/www.celsyus.effiscience.paris\/index.php\/soin-visage-a-paris-vos-questions\/"]}]},{"@type":"ImageObject","inLanguage":"en-US","@id":"http:\/\/www.celsyus.effiscience.paris\/index.php\/soin-visage-a-paris-vos-questions\/#primaryimage","url":"http:\/\/www.celsyus.effiscience.paris\/wp-content\/uploads\/2025\/12\/Kobido1-1.png","contentUrl":"http:\/\/www.celsyus.effiscience.paris\/wp-content\/uploads\/2025\/12\/Kobido1-1.png","width":1604,"height":920,"caption":"Soin visage \u00e0 Paris haut de gamme"},{"@type":"BreadcrumbList","@id":"http:\/\/www.celsyus.effiscience.paris\/index.php\/soin-visage-a-paris-vos-questions\/#breadcrumb","itemListElement":[{"@type":"ListItem","position":1,"name":"Home","item":"http:\/\/www.celsyus.effiscience.paris\/"},{"@type":"ListItem","position":2,"name":"Soin visage \u00e0 Paris &#8211; Vos Questions"}]},{"@type":"WebSite","@id":"http:\/\/www.celsyus.effiscience.paris\/#website","url":"http:\/\/www.celsyus.effiscience.paris\/","name":"EffiScience","description":"","publisher":{"@id":"http:\/\/www.celsyus.effiscience.paris\/#organization"},"potentialAction":[{"@type":"SearchAction","target":{"@type":"EntryPoint","urlTemplate":"http:\/\/www.celsyus.effiscience.paris\/?s={search_term_string}"},"query-input":{"@type":"PropertyValueSpecification","valueRequired":true,"valueName":"search_term_string"}}],"inLanguage":"en-US"},{"@type":["Organization","Place"],"@id":"http:\/\/www.celsyus.effiscience.paris\/#organization","name":"EffiScience Paris","alternateName":"EffiScience","url":"http:\/\/www.celsyus.effiscience.paris\/","logo":{"@id":"http:\/\/www.celsyus.effiscience.paris\/index.php\/soin-visage-a-paris-vos-questions\/#local-main-organization-logo"},"image":{"@id":"http:\/\/www.celsyus.effiscience.paris\/index.php\/soin-visage-a-paris-vos-questions\/#local-main-organization-logo"},"sameAs":["https:\/\/www.facebook.com\/EffiscienceParis\/","https:\/\/www.instagram.com\/effiscience_paris\/"],"telephone":[],"openingHoursSpecification":[{"@type":"OpeningHoursSpecification","dayOfWeek":["Monday","Tuesday","Wednesday","Thursday","Friday","Saturday","Sunday"],"opens":"09:00","closes":"17:00"}]},{"@type":"ImageObject","inLanguage":"en-US","@id":"http:\/\/www.celsyus.effiscience.paris\/index.php\/soin-visage-a-paris-vos-questions\/#local-main-organization-logo","url":"http:\/\/www.celsyus.effiscience.paris\/wp-content\/uploads\/2025\/12\/EffiScienceLogoCarre.png","contentUrl":"http:\/\/www.celsyus.effiscience.paris\/wp-content\/uploads\/2025\/12\/EffiScienceLogoCarre.png","width":330,"height":331,"caption":"EffiScience Paris"}]}},"_links":{"self":[{"href":"http:\/\/www.celsyus.effiscience.paris\/index.php\/wp-json\/wp\/v2\/pages\/751","targetHints":{"allow":["GET"]}}],"collection":[{"href":"http:\/\/www.celsyus.effiscience.paris\/index.php\/wp-json\/wp\/v2\/pages"}],"about":[{"href":"http:\/\/www.celsyus.effiscience.paris\/index.php\/wp-json\/wp\/v2\/types\/page"}],"author":[{"embeddable":true,"href":"http:\/\/www.celsyus.effiscience.paris\/index.php\/wp-json\/wp\/v2\/users\/1"}],"replies":[{"embeddable":true,"href":"http:\/\/www.celsyus.effiscience.paris\/index.php\/wp-json\/wp\/v2\/comments?post=751"}],"version-history":[{"count":6,"href":"http:\/\/www.celsyus.effiscience.paris\/index.php\/wp-json\/wp\/v2\/pages\/751\/revisions"}],"predecessor-version":[{"id":774,"href":"http:\/\/www.celsyus.effiscience.paris\/index.php\/wp-json\/wp\/v2\/pages\/751\/revisions\/774"}],"wp:attachment":[{"href":"http:\/\/www.celsyus.effiscience.paris\/index.php\/wp-json\/wp\/v2\/media?parent=751"}],"curies":[{"name":"wp","href":"https:\/\/api.w.org\/{rel}","templated":true}]}}